{"id":1662,"date":"2015-07-15T07:50:24","date_gmt":"2015-07-15T05:50:24","guid":{"rendered":"https:\/\/ssad.statistics.sk\/SSaD\/?page_id=1662"},"modified":"2024-10-15T12:23:13","modified_gmt":"2024-10-15T10:23:13","slug":"slovenska-statistika-a-demografia-3-2015","status":"publish","type":"page","link":"https:\/\/ssad.statistics.sk\/SSaD\/index.php\/slovenska-statistika-a-demografia-3-2015\/","title":{"rendered":"Slovensk\u00e1 \u0161tatistika a demografia 3\/2015"},"content":{"rendered":"<section class=\"l-section wpb_row padding-top-journal height_auto\"><div class=\"l-section-h i-cf\"><div class=\"g-cols vc_row via_flex valign_top type_default stacking_default\"><div class=\"vc_col-sm-12 wpb_column vc_column_container\"><div class=\"vc_column-inner\"><div class=\"wpb_wrapper\"><div class=\"wpb_text_column\"><div class=\"wpb_wrapper\"><h1>Slovensk\u00e1 \u0161tatistika a demografia 3\/2015<\/h1>\n<\/div><\/div><\/div><\/div><\/div><\/div><\/div><\/section><section class=\"l-section wpb_row us_custom_18c73a72 height_auto\"><div class=\"l-section-h i-cf\"><div class=\"g-cols vc_row via_flex valign_top type_default stacking_default\"><div class=\"vc_col-sm-2 wpb_column vc_column_container\"><div class=\"vc_column-inner\"><div class=\"wpb_wrapper\"><div class=\"w-image style_outlined align_none\"><div class=\"w-image-h\"><img loading=\"lazy\" decoding=\"async\" width=\"142\" height=\"190\" src=\"https:\/\/ssad.statistics.sk\/SSaD\/wp-content\/uploads\/2020\/01\/casopis2015_142x190.png\" class=\"attachment-full size-full\" alt=\"\" \/><\/div><\/div><\/div><\/div><\/div><div class=\"vc_col-sm-6 wpb_column vc_column_container\"><div class=\"vc_column-inner\"><div class=\"wpb_wrapper\">[vc_raw_html]JTNDZGl2JTIwY2xhc3MlM0QlMjJkZXRhaWwlMjIlM0UlMjAlMEElMjAlMjAlMjAlMjAlM0NwJTNFUG8lQzQlOERldCUyMHN0ciVDMyVBMW4lM0ElMjAxMjElM0MlMkZwJTNFJTBBJTIwJTIwJTIwJTIwJTNDcCUzRVBlcmlvZGljaXRhJTNBJTIwNC1rciVDMyVBMXQlMjBybyVDNCU4RG5lJTNDJTJGcCUzRSUyMCUyMCUyMCUwQSUyMCUyMCUyMCUyMCUzQ3AlM0VJU1NOJTNBJTIwMTMzOS02ODU0JTIwJTI4b25saW5lJTI5JTNDJTJGcCUzRSUwQSUyMCUyMCUyMCUyMCUzQ3AlM0UlM0NzcGFuJTIwc3R5bGUlM0QlMjJwYWRkaW5nLWxlZnQlM0ElMjA0N3B4JTNCJTIyJTNFMTIxMC0xMDk1JTIwJTI4dGxhJUM0JThEZW4lQzMlQTklMjB2eWRhbmllJTI5JTNDJTJGc3BhbiUzRSUzQyUyRnAlM0UlMEElM0MlMkZkaXYlM0U=[\/vc_raw_html]<\/div><\/div><\/div><div class=\"vc_col-sm-4 wpb_column vc_column_container\"><div class=\"vc_column-inner\"><div class=\"wpb_wrapper\">[vc_raw_html css=&#8220;.vc_custom_1577776792572{margin-top: 3.35em !important;}&#8220;]JTNDZGl2JTNFJTIwJTIwJTIwJTIwJTBBJTIwJTIwJTIwJTIwJTNDcCUzRSUzQ3NwYW4lMjBzdHlsZSUzRCUyMmxpbmUtaGVpZ2h0JTNBJTIwMi4xZW0lM0IlMjBwYWRkaW5nLWxlZnQlM0ElMjAwcHglM0IlMjBjb2xvciUzQSUyMCUyMzFlNGU5ZCUzQiUyMiUzRUtvbXBsZXRuJUMzJUE5JTIwJUM0JThEJUMzJUFEc2xvJTNDJTJGc3BhbiUzRSUzQ2JyJTNFJTIwJTVCZG93bmxvYWQlMjBpZCUzRCUyMjE2MCUyMiU1RCUyMHN0aWFobnV0JUMzJUFEJTI5JTNDJTJGc3BhbiUzRSUzQyUyRnAlM0UlMEElM0MlMkZkaXYlM0U=[\/vc_raw_html]<\/div><\/div><\/div><\/div><\/div><\/section><section class=\"l-section wpb_row us_custom_d984a24d height_auto\"><div class=\"l-section-h i-cf\"><div class=\"g-cols vc_row via_flex valign_top type_default stacking_default\"><div class=\"vc_col-sm-12 wpb_column vc_column_container\"><div class=\"vc_column-inner us_custom_5c07cc07\"><div class=\"wpb_wrapper\"><div class=\"w-separator us_custom_fd420121 has_text_color size_medium with_line width_default thick_1 style_dashed color_border align_center\"><div class=\"w-separator-h\"><\/div><\/div><\/div><\/div><\/div><\/div><\/div><\/section><section class=\"l-section wpb_row us_custom_46262dcf height_auto\"><div class=\"l-section-h i-cf\"><div class=\"g-cols vc_row via_flex valign_top type_default stacking_default\"><div class=\"vc_col-sm-12 wpb_column vc_column_container\"><div class=\"vc_column-inner\"><div class=\"wpb_wrapper\"><div class=\"w-grid us_custom_2b991ef7 type_grid layout_146\" id=\"us_grid_1\" data-filterable=\"true\"><style>#us_grid_1 .w-grid-item:not(:last-child){margin-bottom:2.5rem}#us_grid_1 .g-loadmore{margin-top:2.5rem}.layout_146 .w-grid-item-h{}.layout_146 .usg_post_title_1{font-family:var(--font-body)!important;font-size:21px!important}.layout_146 .usg_post_date_1{font-family:var(--font-body)!important;font-size:0.9rem!important}.layout_146 .usg_post_content_1{margin-top:0.5rem!important;font-family:var(--font-body)!important}@media (max-width:600px){.layout_146 .usg_post_title_1{font-size:18px!important}}<\/style><div class=\"w-grid-list\">\t<article class=\"w-grid-item size_1x1 post-1733 post type-post status-publish format-standard hentry category-3-2015-editorial tag-autor-boris-vano\" data-id=\"1733\">\r\n\t\t<div class=\"w-grid-item-h\">\r\n\t\t\t\t\t\t<h2 class=\"w-post-elm post_title usg_post_title_1 entry-title color_link_inherit\"><a href=\"https:\/\/ssad.statistics.sk\/SSaD\/index.php\/editorial-6\/\">Editori\u00e1l<\/a><\/h2><time class=\"w-post-elm post_date usg_post_date_1 entry-date published\" datetime=\"2015-07-15T11:40:25+02:00\"><i class=\"far fa-clock\"><\/i>15. j\u00fala 2015<\/time><div class=\"w-post-elm post_content usg_post_content_1\"><p>Boris Va\u0148o, INFOSTAT \u2013 V\u00fdskumn\u00e9 demografick\u00e9 centrum, Slovensk\u00e1 republika<\/p>\n<p> <a href=\"https:\/\/ssad.statistics.sk\/SSaD\/index.php\/editorial-6\/#more-1733\" class=\"more-link\"><span aria-label=\"\u010c\u00edta\u0165 \u010falej Editori\u00e1l\">(viac&hellip;)<\/span><\/a><\/p>\n<\/div>\t\t<\/div>\r\n\t<\/article>\r\n<\/div><div class=\"w-grid-preloader\"><div class=\"g-preloader type_1\">\r\n\t<div><\/div>\r\n<\/div>\r\n<\/div>\t<div class=\"w-grid-json hidden\" onclick='return {&quot;action&quot;:&quot;us_ajax_grid&quot;,&quot;ajax_url&quot;:&quot;https:\\\/\\\/ssad.statistics.sk\\\/SSaD\\\/wp-admin\\\/admin-ajax.php&quot;,&quot;infinite_scroll&quot;:0,&quot;max_num_pages&quot;:1,&quot;pagination&quot;:&quot;none&quot;,&quot;permalink_url&quot;:&quot;https:\\\/\\\/ssad.statistics.sk\\\/SSaD\\\/wp-json\\\/wp\\\/v2\\\/pages\\\/1662&quot;,&quot;template_vars&quot;:{&quot;columns&quot;:&quot;1&quot;,&quot;exclude_items&quot;:&quot;none&quot;,&quot;img_size&quot;:&quot;default&quot;,&quot;ignore_items_size&quot;:0,&quot;items_layout&quot;:&quot;146&quot;,&quot;items_offset&quot;:&quot;1&quot;,&quot;load_animation&quot;:&quot;none&quot;,&quot;overriding_link&quot;:&quot;none&quot;,&quot;post_id&quot;:1662,&quot;query_args&quot;:{&quot;post_type&quot;:[&quot;post&quot;],&quot;tax_query&quot;:[{&quot;taxonomy&quot;:&quot;category&quot;,&quot;field&quot;:&quot;slug&quot;,&quot;terms&quot;:[&quot;3-2015-editorial&quot;]}],&quot;post_status&quot;:[&quot;publish&quot;],&quot;posts_per_page&quot;:&quot;10&quot;},&quot;orderby_query_args&quot;:{&quot;orderby&quot;:{&quot;date&quot;:&quot;DESC&quot;}},&quot;type&quot;:&quot;grid&quot;,&quot;us_grid_ajax_index&quot;:1,&quot;us_grid_filter_params&quot;:null,&quot;us_grid_index&quot;:1,&quot;_us_grid_post_type&quot;:&quot;post&quot;}}'><\/div>\r\n\t<\/div><\/div><\/div><\/div><\/div><\/div><\/section><section class=\"l-section wpb_row us_custom_c4a4bb17 height_auto\"><div class=\"l-section-h i-cf\"><div class=\"g-cols vc_row via_flex valign_top type_default stacking_default\"><div class=\"vc_col-sm-12 wpb_column vc_column_container\"><div class=\"vc_column-inner\"><div class=\"wpb_wrapper\"><div class=\"wpb_text_column\"><div class=\"wpb_wrapper\"><h2>VEDECK\u00c9 \u010cL\u00c1NKY<\/h2>\n<div class=\"w-grid us_custom_2b991ef7 type_grid layout_146\" id=\"us_grid_2\"><style>#us_grid_2 .w-grid-item:not(:last-child){margin-bottom:2.5rem}#us_grid_2 .g-loadmore{margin-top:2.5rem}<\/style><div class=\"w-grid-list\">\t<article class=\"w-grid-item size_1x1 post-1736 post type-post status-publish format-standard hentry category-3-2015-vedecke-clanky tag-autor-branislav-sprocha tag-kraje tag-populacna-prognoza tag-populacne-starnutie tag-slovensko\" data-id=\"1736\">\r\n\t\t<div class=\"w-grid-item-h\">\r\n\t\t\t\t\t\t<h2 class=\"w-post-elm post_title usg_post_title_1 entry-title color_link_inherit\"><a href=\"https:\/\/ssad.statistics.sk\/SSaD\/index.php\/vekove-zlozenie-obyvatelstva-v-slovenskej-republike-a-krajoch-a-jeho-prognoza-do-roku-2030\/\">Vekov\u00e9 zlo\u017eenie obyvate\u013estva v Slovenskej republike a krajoch a jeho progn\u00f3za do roku 2030<\/a><\/h2><time class=\"w-post-elm post_date usg_post_date_1 entry-date published\" datetime=\"2015-07-15T11:39:40+02:00\"><i class=\"far fa-clock\"><\/i>15. j\u00fala 2015<\/time><div class=\"w-post-elm post_content usg_post_content_1\"><p>Branislav \u0160procha, INFOSTAT \u2013 V\u00fdskumn\u00e9 demografick\u00e9 centrum, Slovensk\u00e1 republika<\/p>\n<p> <a href=\"https:\/\/ssad.statistics.sk\/SSaD\/index.php\/vekove-zlozenie-obyvatelstva-v-slovenskej-republike-a-krajoch-a-jeho-prognoza-do-roku-2030\/#more-1736\" class=\"more-link\"><span aria-label=\"\u010c\u00edta\u0165 \u010falej Vekov\u00e9 zlo\u017eenie obyvate\u013estva v Slovenskej republike a krajoch a jeho progn\u00f3za do roku 2030\">(viac&hellip;)<\/span><\/a><\/p>\n<\/div>\t\t<\/div>\r\n\t<\/article>\r\n\t<article class=\"w-grid-item size_1x1 post-1741 post type-post status-publish format-standard hentry category-3-2015-vedecke-clanky tag-autor-magdalena-piscova tag-autor-miloslav-bahna tag-autor-robert-klobucky tag-byvanie-seniorov tag-perspektiva-zivotnej-drahy tag-starnutie tag-starostlivost-o-starsich tag-vekova-diskriminacia tag-zdravotny-stav-seniorov\" data-id=\"1741\">\r\n\t\t<div class=\"w-grid-item-h\">\r\n\t\t\t\t\t\t<h2 class=\"w-post-elm post_title usg_post_title_1 entry-title color_link_inherit\"><a href=\"https:\/\/ssad.statistics.sk\/SSaD\/index.php\/starsi-ludia-v-spolocnosti-a-v-rodine-niekolko-pohladov-na-starsich-ludi-v-statistikach-a-komparativnych-vyskumoch\/\">Star\u0161\u00ed \u013eudia v spolo\u010dnosti a v rodine. Nieko\u013eko poh\u013eadov na star\u0161\u00edch \u013eud\u00ed v \u0161tatistik\u00e1ch a komparat\u00edvnych v\u00fdskumoch<\/a><\/h2><time class=\"w-post-elm post_date usg_post_date_1 entry-date published\" datetime=\"2015-07-15T11:38:56+02:00\"><i class=\"far fa-clock\"><\/i>15. j\u00fala 2015<\/time><div class=\"w-post-elm post_content usg_post_content_1\"><p>Magdal\u00e9na Piscov\u00e1, Robert Klobuck\u00fd, Miloslav Bahna, Sociologick\u00fd \u00fastav Slovenskej akad\u00e9mie vied, Slovensk\u00e1 republika<\/p>\n<p> <a href=\"https:\/\/ssad.statistics.sk\/SSaD\/index.php\/starsi-ludia-v-spolocnosti-a-v-rodine-niekolko-pohladov-na-starsich-ludi-v-statistikach-a-komparativnych-vyskumoch\/#more-1741\" class=\"more-link\"><span aria-label=\"\u010c\u00edta\u0165 \u010falej Star\u0161\u00ed \u013eudia v spolo\u010dnosti a v rodine. Nieko\u013eko poh\u013eadov na star\u0161\u00edch \u013eud\u00ed v \u0161tatistik\u00e1ch a komparat\u00edvnych v\u00fdskumoch\">(viac&hellip;)<\/span><\/a><\/p>\n<\/div>\t\t<\/div>\r\n\t<\/article>\r\n\t<article class=\"w-grid-item size_1x1 post-1745 post type-post status-publish format-standard hentry category-3-2015-vedecke-clanky tag-autor-jana-ondackova tag-autor-marcela-kacerova tag-europa tag-populacne-starnutie tag-slovensko\" data-id=\"1745\">\r\n\t\t<div class=\"w-grid-item-h\">\r\n\t\t\t\t\t\t<h2 class=\"w-post-elm post_title usg_post_title_1 entry-title color_link_inherit\"><a href=\"https:\/\/ssad.statistics.sk\/SSaD\/index.php\/proces-starnutia-populacie-slovenska-v-europskom-kontexte\/\">Proces starnutia popul\u00e1cie Slovenska v eur\u00f3pskom kontexte<\/a><\/h2><time class=\"w-post-elm post_date usg_post_date_1 entry-date published\" datetime=\"2015-07-15T11:37:10+02:00\"><i class=\"far fa-clock\"><\/i>15. j\u00fala 2015<\/time><div class=\"w-post-elm post_content usg_post_content_1\"><p>Marcela K\u00e1\u010derov\u00e1, Pr\u00edrodovedeck\u00e1 fakulta, Univerzita Komensk\u00e9ho v Bratislave, Slovensk\u00e1 republika<br \/>\nJana Onda\u010dkov\u00e1, Schubert &#038; Franzke kartografick\u00e9 vydavate\u013estvo, Slovensk\u00e1 republika<\/p>\n<p> <a href=\"https:\/\/ssad.statistics.sk\/SSaD\/index.php\/proces-starnutia-populacie-slovenska-v-europskom-kontexte\/#more-1745\" class=\"more-link\"><span aria-label=\"\u010c\u00edta\u0165 \u010falej Proces starnutia popul\u00e1cie Slovenska v eur\u00f3pskom kontexte\">(viac&hellip;)<\/span><\/a><\/p>\n<\/div>\t\t<\/div>\r\n\t<\/article>\r\n\t<article class=\"w-grid-item size_1x1 post-1748 post type-post status-publish format-standard hentry category-3-2015-vedecke-clanky tag-autor-boris-vano tag-pocet-obyvatelov tag-porodnost tag-starnutie tag-struktura-obyvatelov tag-umrtnost tag-zahranicna-migracia\" data-id=\"1748\">\r\n\t\t<div class=\"w-grid-item-h\">\r\n\t\t\t\t\t\t<h2 class=\"w-post-elm post_title usg_post_title_1 entry-title color_link_inherit\"><a href=\"https:\/\/ssad.statistics.sk\/SSaD\/index.php\/mozeme-ovplyvnit-proces-starnutia-obyvatelstva-na-slovensku\/\">M\u00f4\u017eeme ovplyvni\u0165 proces starnutia obyvate\u013estva na Slovensku?<\/a><\/h2><time class=\"w-post-elm post_date usg_post_date_1 entry-date published\" datetime=\"2015-07-15T11:36:28+02:00\"><i class=\"far fa-clock\"><\/i>15. j\u00fala 2015<\/time><div class=\"w-post-elm post_content usg_post_content_1\"><p>Boris Va\u0148o, INFOSTAT \u2013 V\u00fdskumn\u00e9 demografick\u00e9 centrum, Slovensk\u00e1 republika<\/p>\n<p> <a href=\"https:\/\/ssad.statistics.sk\/SSaD\/index.php\/mozeme-ovplyvnit-proces-starnutia-obyvatelstva-na-slovensku\/#more-1748\" class=\"more-link\"><span aria-label=\"\u010c\u00edta\u0165 \u010falej M\u00f4\u017eeme ovplyvni\u0165 proces starnutia obyvate\u013estva na Slovensku?\">(viac&hellip;)<\/span><\/a><\/p>\n<\/div>\t\t<\/div>\r\n\t<\/article>\r\n\t<article class=\"w-grid-item size_1x1 post-1751 post type-post status-publish format-standard hentry category-3-2015-vedecke-clanky tag-autor-viliam-palenik tag-ekonomika tag-oblasti-rozvoja tag-starnutie tag-strieborna-ekonomika\" data-id=\"1751\">\r\n\t\t<div class=\"w-grid-item-h\">\r\n\t\t\t\t\t\t<h2 class=\"w-post-elm post_title usg_post_title_1 entry-title color_link_inherit\"><a href=\"https:\/\/ssad.statistics.sk\/SSaD\/index.php\/strieborna-ekonomika-v-podmienkach-slovenska-a-oblasti-mozneho-uplatnenia\/\">Strieborn\u00e1 ekonomika v podmienkach Slovenska a oblasti mo\u017en\u00e9ho uplatnenia<\/a><\/h2><time class=\"w-post-elm post_date usg_post_date_1 entry-date published\" datetime=\"2015-07-15T11:35:26+02:00\"><i class=\"far fa-clock\"><\/i>15. j\u00fala 2015<\/time><div class=\"w-post-elm post_content usg_post_content_1\"><p>Viliam P\u00e1len\u00edk, Ekonomick\u00fd \u00fastav Slovenskej akad\u00e9mie vied, Slovensk\u00e1 republika<\/p>\n<p> <a href=\"https:\/\/ssad.statistics.sk\/SSaD\/index.php\/strieborna-ekonomika-v-podmienkach-slovenska-a-oblasti-mozneho-uplatnenia\/#more-1751\" class=\"more-link\"><span aria-label=\"\u010c\u00edta\u0165 \u010falej Strieborn\u00e1 ekonomika v podmienkach Slovenska a oblasti mo\u017en\u00e9ho uplatnenia\">(viac&hellip;)<\/span><\/a><\/p>\n<\/div>\t\t<\/div>\r\n\t<\/article>\r\n\t<article class=\"w-grid-item size_1x1 post-1754 post type-post status-publish format-standard hentry category-3-2015-vedecke-clanky tag-autor-jitka-langhamrova tag-autor-petra-dotlacilova tag-deras tag-gompertzova-makehamova-funkce tag-kingova-hardyho-metoda tag-odhad-neznamych-parametru tag-umrtnost\" data-id=\"1754\">\r\n\t\t<div class=\"w-grid-item-h\">\r\n\t\t\t\t\t\t<h2 class=\"w-post-elm post_title usg_post_title_1 entry-title color_link_inherit\"><a href=\"https:\/\/ssad.statistics.sk\/SSaD\/index.php\/odhad-parametru-gompertzovy-makehamovy-funkce-kingova-hardyho-metoda\/\">Odhad parametr\u016f Gompertzovy-Makehamovy funkce: Kingova-Hardyho metoda<\/a><\/h2><time class=\"w-post-elm post_date usg_post_date_1 entry-date published\" datetime=\"2015-07-15T11:34:42+02:00\"><i class=\"far fa-clock\"><\/i>15. j\u00fala 2015<\/time><div class=\"w-post-elm post_content usg_post_content_1\"><p>Petra Dotla\u010dilov\u00e1, Jitka Langhamrov\u00e1, Fakulta informatiky a statistiky, Vysok\u00e1 \u0161kola ekonomick\u00e1 v Praze, \u010cesk\u00e1 republika<\/p>\n<p> <a href=\"https:\/\/ssad.statistics.sk\/SSaD\/index.php\/odhad-parametru-gompertzovy-makehamovy-funkce-kingova-hardyho-metoda\/#more-1754\" class=\"more-link\"><span aria-label=\"\u010c\u00edta\u0165 \u010falej Odhad parametr\u016f Gompertzovy-Makehamovy funkce: Kingova-Hardyho metoda\">(viac&hellip;)<\/span><\/a><\/p>\n<\/div>\t\t<\/div>\r\n\t<\/article>\r\n<\/div><div class=\"w-grid-preloader\"><div class=\"g-preloader type_1\">\r\n\t<div><\/div>\r\n<\/div>\r\n<\/div>\t<div class=\"w-grid-json hidden\" onclick='return {&quot;action&quot;:&quot;us_ajax_grid&quot;,&quot;ajax_url&quot;:&quot;https:\\\/\\\/ssad.statistics.sk\\\/SSaD\\\/wp-admin\\\/admin-ajax.php&quot;,&quot;infinite_scroll&quot;:0,&quot;max_num_pages&quot;:1,&quot;pagination&quot;:&quot;none&quot;,&quot;permalink_url&quot;:&quot;https:\\\/\\\/ssad.statistics.sk\\\/SSaD\\\/wp-json\\\/wp\\\/v2\\\/pages\\\/1662&quot;,&quot;template_vars&quot;:{&quot;columns&quot;:&quot;1&quot;,&quot;exclude_items&quot;:&quot;none&quot;,&quot;img_size&quot;:&quot;default&quot;,&quot;ignore_items_size&quot;:0,&quot;items_layout&quot;:&quot;146&quot;,&quot;items_offset&quot;:&quot;1&quot;,&quot;load_animation&quot;:&quot;none&quot;,&quot;overriding_link&quot;:&quot;none&quot;,&quot;post_id&quot;:1733,&quot;query_args&quot;:{&quot;post_type&quot;:[&quot;post&quot;],&quot;tax_query&quot;:[{&quot;taxonomy&quot;:&quot;category&quot;,&quot;field&quot;:&quot;slug&quot;,&quot;terms&quot;:[&quot;3-2015-vedecke-clanky&quot;]}],&quot;post_status&quot;:[&quot;publish&quot;],&quot;posts_per_page&quot;:&quot;20&quot;},&quot;orderby_query_args&quot;:{&quot;orderby&quot;:{&quot;date&quot;:&quot;DESC&quot;}},&quot;type&quot;:&quot;grid&quot;,&quot;us_grid_ajax_index&quot;:1,&quot;us_grid_filter_params&quot;:null,&quot;us_grid_index&quot;:2,&quot;_us_grid_post_type&quot;:&quot;post&quot;}}'><\/div>\r\n\t<\/div>\n<\/div><\/div><\/div><\/div><\/div><\/div><\/div><\/section><section class=\"l-section wpb_row us_custom_c4a4bb17 height_auto\"><div class=\"l-section-h i-cf\"><div class=\"g-cols vc_row via_flex valign_top type_default stacking_default\"><div class=\"vc_col-sm-12 wpb_column vc_column_container\"><div class=\"vc_column-inner\"><div class=\"wpb_wrapper\"><div class=\"wpb_text_column\"><div class=\"wpb_wrapper\"><h2>INFORMAT\u00cdVNE \u010cL\u00c1NKY, N\u00c1ZORY, RECENZIE, ROZHOVORY, INFORM\u00c1CIE<\/h2>\n<div class=\"w-grid us_custom_2b991ef7 type_grid layout_146\" id=\"us_grid_3\"><style>#us_grid_3 .w-grid-item:not(:last-child){margin-bottom:2.5rem}#us_grid_3 .g-loadmore{margin-top:2.5rem}<\/style><div class=\"w-grid-list\">\t<article class=\"w-grid-item size_1x1 post-1757 post type-post status-publish format-standard hentry category-3-2015-informativne-clanky-nazory-recenzie-rozhovory-informacie tag-autor-mikulas-car\" data-id=\"1757\">\r\n\t\t<div class=\"w-grid-item-h\">\r\n\t\t\t\t\t\t<h2 class=\"w-post-elm post_title usg_post_title_1 entry-title color_link_inherit\"><a href=\"https:\/\/ssad.statistics.sk\/SSaD\/index.php\/sprava-europskej-komisie-o-starnuti-obyvatelstva\/\">Spr\u00e1va Eur\u00f3pskej komisie o starnut\u00ed obyvate\u013estva<\/a><\/h2><time class=\"w-post-elm post_date usg_post_date_1 entry-date published\" datetime=\"2015-07-15T11:33:22+02:00\"><i class=\"far fa-clock\"><\/i>15. j\u00fala 2015<\/time><div class=\"w-post-elm post_content usg_post_content_1\"><p>Mikul\u00e1\u0161 C\u00e1r, N\u00e1rodn\u00e1 banka Slovenska, Slovensk\u00e1 republika<\/p>\n<p> <a href=\"https:\/\/ssad.statistics.sk\/SSaD\/index.php\/sprava-europskej-komisie-o-starnuti-obyvatelstva\/#more-1757\" class=\"more-link\"><span aria-label=\"\u010c\u00edta\u0165 \u010falej Spr\u00e1va Eur\u00f3pskej komisie o starnut\u00ed obyvate\u013estva\">(viac&hellip;)<\/span><\/a><\/p>\n<\/div>\t\t<\/div>\r\n\t<\/article>\r\n\t<article class=\"w-grid-item size_1x1 post-1760 post type-post status-publish format-standard hentry category-3-2015-informativne-clanky-nazory-recenzie-rozhovory-informacie tag-autor-michal-katusa\" data-id=\"1760\">\r\n\t\t<div class=\"w-grid-item-h\">\r\n\t\t\t\t\t\t<h2 class=\"w-post-elm post_title usg_post_title_1 entry-title color_link_inherit\"><a href=\"https:\/\/ssad.statistics.sk\/SSaD\/index.php\/populacne-starnutie-koncepcne-riesia-aj-statistici\/\">Popula\u010dn\u00e9 starnutie koncep\u010dne rie\u0161ia aj \u0161tatistici<\/a><\/h2><time class=\"w-post-elm post_date usg_post_date_1 entry-date published\" datetime=\"2015-07-15T11:32:32+02:00\"><i class=\"far fa-clock\"><\/i>15. j\u00fala 2015<\/time><div class=\"w-post-elm post_content usg_post_content_1\"><p>Michal Katu\u0161a, \u0160tatistick\u00fd \u00farad Slovenskej republiky, Slovensk\u00e1 republika<\/p>\n<p> <a href=\"https:\/\/ssad.statistics.sk\/SSaD\/index.php\/populacne-starnutie-koncepcne-riesia-aj-statistici\/#more-1760\" class=\"more-link\"><span aria-label=\"\u010c\u00edta\u0165 \u010falej Popula\u010dn\u00e9 starnutie koncep\u010dne rie\u0161ia aj \u0161tatistici\">(viac&hellip;)<\/span><\/a><\/p>\n<\/div>\t\t<\/div>\r\n\t<\/article>\r\n\t<article class=\"w-grid-item size_1x1 post-1763 post type-post status-publish format-standard hentry category-3-2015-informativne-clanky-nazory-recenzie-rozhovory-informacie tag-autor-darina-sedlakova tag-autor-zuzana-stukovska\" data-id=\"1763\">\r\n\t\t<div class=\"w-grid-item-h\">\r\n\t\t\t\t\t\t<h2 class=\"w-post-elm post_title usg_post_title_1 entry-title color_link_inherit\"><a href=\"https:\/\/ssad.statistics.sk\/SSaD\/index.php\/potrebujeme-zmenit-vnimanie-seniorov-v-spolocnosti\/\">Potrebujeme zmeni\u0165 vn\u00edmanie seniorov v spolo\u010dnosti<\/a><\/h2><time class=\"w-post-elm post_date usg_post_date_1 entry-date published\" datetime=\"2015-07-15T11:31:50+02:00\"><i class=\"far fa-clock\"><\/i>15. j\u00fala 2015<\/time><div class=\"w-post-elm post_content usg_post_content_1\"><p>Darina Sedl\u00e1kov\u00e1, Kancel\u00e1ria Svetovej zdravotn\u00edckej organiz\u00e1cie, Slovensk\u00e1 republika<br \/>\nZuzana \u0160tukovsk\u00e1, \u0160tatistick\u00fd \u00farad Slovenskej republiky, Slovensk\u00e1 republika<\/p>\n<p> <a href=\"https:\/\/ssad.statistics.sk\/SSaD\/index.php\/potrebujeme-zmenit-vnimanie-seniorov-v-spolocnosti\/#more-1763\" class=\"more-link\"><span aria-label=\"\u010c\u00edta\u0165 \u010falej Potrebujeme zmeni\u0165 vn\u00edmanie seniorov v spolo\u010dnosti\">(viac&hellip;)<\/span><\/a><\/p>\n<\/div>\t\t<\/div>\r\n\t<\/article>\r\n\t<article class=\"w-grid-item size_1x1 post-1768 post type-post status-publish format-standard hentry category-3-2015-informativne-clanky-nazory-recenzie-rozhovory-informacie tag-autor-bozena-busova\" data-id=\"1768\">\r\n\t\t<div class=\"w-grid-item-h\">\r\n\t\t\t\t\t\t<h2 class=\"w-post-elm post_title usg_post_title_1 entry-title color_link_inherit\"><a href=\"https:\/\/ssad.statistics.sk\/SSaD\/index.php\/socialne-sluzby-pre-seniorov-ocami-ich-poskytovatelov\/\">Soci\u00e1lne slu\u017eby pre seniorov o\u010dami ich poskytovate\u013eov<\/a><\/h2><time class=\"w-post-elm post_date usg_post_date_1 entry-date published\" datetime=\"2015-07-15T11:30:33+02:00\"><i class=\"far fa-clock\"><\/i>15. j\u00fala 2015<\/time><div class=\"w-post-elm post_content usg_post_content_1\"><p>Bo\u017eena Bu\u0161ov\u00e1, Asoci\u00e1cia poskytovate\u013eov soci\u00e1lnych slu\u017eieb v Slovenskej republike, Slovensk\u00e1 republika<\/p>\n<p> <a href=\"https:\/\/ssad.statistics.sk\/SSaD\/index.php\/socialne-sluzby-pre-seniorov-ocami-ich-poskytovatelov\/#more-1768\" class=\"more-link\"><span aria-label=\"\u010c\u00edta\u0165 \u010falej Soci\u00e1lne slu\u017eby pre seniorov o\u010dami ich poskytovate\u013eov\">(viac&hellip;)<\/span><\/a><\/p>\n<\/div>\t\t<\/div>\r\n\t<\/article>\r\n\t<article class=\"w-grid-item size_1x1 post-1771 post type-post status-publish format-standard hentry category-3-2015-informativne-clanky-nazory-recenzie-rozhovory-informacie tag-autor-lucia-hrebenarova\" data-id=\"1771\">\r\n\t\t<div class=\"w-grid-item-h\">\r\n\t\t\t\t\t\t<h2 class=\"w-post-elm post_title usg_post_title_1 entry-title color_link_inherit\"><a href=\"https:\/\/ssad.statistics.sk\/SSaD\/index.php\/univerzita-tretieho-veku-poslanie-vyzvy-perspektivy\/\">Univerzita tretieho veku \u2013 poslanie, v\u00fdzvy, perspekt\u00edvy<\/a><\/h2><time class=\"w-post-elm post_date usg_post_date_1 entry-date published\" datetime=\"2015-07-15T11:29:33+02:00\"><i class=\"far fa-clock\"><\/i>15. j\u00fala 2015<\/time><div class=\"w-post-elm post_content usg_post_content_1\"><p>Lucia Hrebe\u0148\u00e1rov\u00e1, \u00dastav celo\u017eivotn\u00e9ho vzdel\u00e1vania, \u017dilinsk\u00e1 univerzita v \u017diline, Asoci\u00e1cia univerz\u00edt tretieho veku na Slovensku, Slovensk\u00e1 republika<\/p>\n<p> <a href=\"https:\/\/ssad.statistics.sk\/SSaD\/index.php\/univerzita-tretieho-veku-poslanie-vyzvy-perspektivy\/#more-1771\" class=\"more-link\"><span aria-label=\"\u010c\u00edta\u0165 \u010falej Univerzita tretieho veku \u2013 poslanie, v\u00fdzvy, perspekt\u00edvy\">(viac&hellip;)<\/span><\/a><\/p>\n<\/div>\t\t<\/div>\r\n\t<\/article>\r\n\t<article class=\"w-grid-item size_1x1 post-1774 post type-post status-publish format-standard hentry category-3-2015-informativne-clanky-nazory-recenzie-rozhovory-informacie tag-autor-jitka-langhamrova\" data-id=\"1774\">\r\n\t\t<div class=\"w-grid-item-h\">\r\n\t\t\t\t\t\t<h2 class=\"w-post-elm post_title usg_post_title_1 entry-title color_link_inherit\"><a href=\"https:\/\/ssad.statistics.sk\/SSaD\/index.php\/dlouhovekost-uspech-lidstva\/\">Dlouhov\u011bkost \u2013 \u00fasp\u011bch lidstva<\/a><\/h2><time class=\"w-post-elm post_date usg_post_date_1 entry-date published\" datetime=\"2015-07-15T11:28:37+02:00\"><i class=\"far fa-clock\"><\/i>15. j\u00fala 2015<\/time><div class=\"w-post-elm post_content usg_post_content_1\"><p>Jitka Langhamrov\u00e1, Fakulta informatiky a \u0161tatistiky, Vysok\u00e1 \u0161kola ekonomick\u00e1 v Praze, \u010cesk\u00e1 republika<\/p>\n<p> <a href=\"https:\/\/ssad.statistics.sk\/SSaD\/index.php\/dlouhovekost-uspech-lidstva\/#more-1774\" class=\"more-link\"><span aria-label=\"\u010c\u00edta\u0165 \u010falej Dlouhov\u011bkost \u2013 \u00fasp\u011bch lidstva\">(viac&hellip;)<\/span><\/a><\/p>\n<\/div>\t\t<\/div>\r\n\t<\/article>\r\n\t<article class=\"w-grid-item size_1x1 post-1778 post type-post status-publish format-standard hentry category-3-2015-informativne-clanky-nazory-recenzie-rozhovory-informacie tag-autor-ludmila-ivancikova\" data-id=\"1778\">\r\n\t\t<div class=\"w-grid-item-h\">\r\n\t\t\t\t\t\t<h2 class=\"w-post-elm post_title usg_post_title_1 entry-title color_link_inherit\"><a href=\"https:\/\/ssad.statistics.sk\/SSaD\/index.php\/viliam-palenik-a-kol-strieborna-ekonomika-potencial-na-slovensku\/\">Viliam P\u00e1len\u00edk a kol.: Strieborn\u00e1 ekonomika \u2013 potenci\u00e1l na Slovensku<\/a><\/h2><time class=\"w-post-elm post_date usg_post_date_1 entry-date published\" datetime=\"2015-07-15T11:27:21+02:00\"><i class=\"far fa-clock\"><\/i>15. j\u00fala 2015<\/time><div class=\"w-post-elm post_content usg_post_content_1\"><p>\u013dudmila Ivan\u010d\u00edkov\u00e1, \u0160tatistick\u00fd \u00farad Slovenskej republiky, Slovensk\u00e1 republika<\/p>\n<p> <a href=\"https:\/\/ssad.statistics.sk\/SSaD\/index.php\/viliam-palenik-a-kol-strieborna-ekonomika-potencial-na-slovensku\/#more-1778\" class=\"more-link\"><span aria-label=\"\u010c\u00edta\u0165 \u010falej Viliam P\u00e1len\u00edk a kol.: Strieborn\u00e1 ekonomika \u2013 potenci\u00e1l na Slovensku\">(viac&hellip;)<\/span><\/a><\/p>\n<\/div>\t\t<\/div>\r\n\t<\/article>\r\n<\/div><div class=\"w-grid-preloader\"><div class=\"g-preloader type_1\">\r\n\t<div><\/div>\r\n<\/div>\r\n<\/div>\t<div class=\"w-grid-json hidden\" onclick='return {&quot;action&quot;:&quot;us_ajax_grid&quot;,&quot;ajax_url&quot;:&quot;https:\\\/\\\/ssad.statistics.sk\\\/SSaD\\\/wp-admin\\\/admin-ajax.php&quot;,&quot;infinite_scroll&quot;:0,&quot;max_num_pages&quot;:1,&quot;pagination&quot;:&quot;none&quot;,&quot;permalink_url&quot;:&quot;https:\\\/\\\/ssad.statistics.sk\\\/SSaD\\\/wp-json\\\/wp\\\/v2\\\/pages\\\/1662&quot;,&quot;template_vars&quot;:{&quot;columns&quot;:&quot;1&quot;,&quot;exclude_items&quot;:&quot;none&quot;,&quot;img_size&quot;:&quot;default&quot;,&quot;ignore_items_size&quot;:0,&quot;items_layout&quot;:&quot;146&quot;,&quot;items_offset&quot;:&quot;1&quot;,&quot;load_animation&quot;:&quot;none&quot;,&quot;overriding_link&quot;:&quot;none&quot;,&quot;post_id&quot;:1754,&quot;query_args&quot;:{&quot;post_type&quot;:[&quot;post&quot;],&quot;tax_query&quot;:[{&quot;taxonomy&quot;:&quot;category&quot;,&quot;field&quot;:&quot;slug&quot;,&quot;terms&quot;:[&quot;3-2015-informativne-clanky-nazory-recenzie-rozhovory-informacie&quot;]}],&quot;post_status&quot;:[&quot;publish&quot;],&quot;posts_per_page&quot;:&quot;20&quot;},&quot;orderby_query_args&quot;:{&quot;orderby&quot;:{&quot;date&quot;:&quot;DESC&quot;}},&quot;type&quot;:&quot;grid&quot;,&quot;us_grid_ajax_index&quot;:1,&quot;us_grid_filter_params&quot;:null,&quot;us_grid_index&quot;:3,&quot;_us_grid_post_type&quot;:&quot;post&quot;}}'><\/div>\r\n\t<\/div>\n<h2><\/h2>\n<h2><\/h2>\n<h2>PRIPRAVUJEME<\/h2>\n<p>&nbsp;<\/p>\n<h2 class=\"soon1\">H\u013eadanie rovnov\u00e1\u017enych cien bytov na Slovensku<\/h2>\n<p>\u0160tefan Rycht\u00e1rik, N\u00e1rodn\u00e1 banka Slovenska, Slovensk\u00e1 republika<br \/>\nPavol Latta, N\u00e1rodn\u00e1 banka Slovenska, Fakulta matematiky, fyziky a informatiky, Univerzita Komensk\u00e9ho v Bratislave, Slovensk\u00e1 republika<\/p>\n<h2 class=\"soon\">\u00damrtnos\u0165 ako jeden z aspektov zdravotn\u00e9ho stavu obyvate\u013estva Slovenska<\/h2>\n<p>Marcela K\u00e1\u010derov\u00e1, Gabriela Nov\u00e1kov\u00e1, Pr\u00edrodovedeck\u00e1 fakulta, Univerzita Komensk\u00e9ho v Bratislave, Slovensk\u00e1 republika<\/p>\n<\/div><\/div><\/div><\/div><\/div><\/div><\/div><\/section>\n","protected":false},"excerpt":{"rendered":"\u013dudmila Ivan\u010d\u00edkov\u00e1, \u0160tatistick\u00fd \u00farad Slovenskej republiky, Slovensk\u00e1 republika Typ \u010dl\u00e1nku: recenzia Strany: 118 -119 \u010cl\u00e1nok na stiahnutie PDF (582,4 KB, 494 stiahnut\u00ed)","protected":false},"author":4,"featured_media":0,"parent":0,"menu_order":0,"comment_status":"closed","ping_status":"closed","template":"","meta":{"_exactmetrics_skip_tracking":false,"_exactmetrics_sitenote_active":false,"_exactmetrics_sitenote_note":"","_exactmetrics_sitenote_category":0,"footnotes":""},"class_list":["post-1662","page","type-page","status-publish","hentry"],"_links":{"self":[{"href":"https:\/\/ssad.statistics.sk\/SSaD\/index.php\/wp-json\/wp\/v2\/pages\/1662","targetHints":{"allow":["GET"]}}],"collection":[{"href":"https:\/\/ssad.statistics.sk\/SSaD\/index.php\/wp-json\/wp\/v2\/pages"}],"about":[{"href":"https:\/\/ssad.statistics.sk\/SSaD\/index.php\/wp-json\/wp\/v2\/types\/page"}],"author":[{"embeddable":true,"href":"https:\/\/ssad.statistics.sk\/SSaD\/index.php\/wp-json\/wp\/v2\/users\/4"}],"replies":[{"embeddable":true,"href":"https:\/\/ssad.statistics.sk\/SSaD\/index.php\/wp-json\/wp\/v2\/comments?post=1662"}],"version-history":[{"count":9,"href":"https:\/\/ssad.statistics.sk\/SSaD\/index.php\/wp-json\/wp\/v2\/pages\/1662\/revisions"}],"predecessor-version":[{"id":4139,"href":"https:\/\/ssad.statistics.sk\/SSaD\/index.php\/wp-json\/wp\/v2\/pages\/1662\/revisions\/4139"}],"wp:attachment":[{"href":"https:\/\/ssad.statistics.sk\/SSaD\/index.php\/wp-json\/wp\/v2\/media?parent=1662"}],"curies":[{"name":"wp","href":"https:\/\/api.w.org\/{rel}","templated":true}]}}